{"id":1811,"date":"2021-11-03T08:26:18","date_gmt":"2021-11-03T08:26:18","guid":{"rendered":"https:\/\/virtual-teams.eu\/partners\/"},"modified":"2022-01-11T12:43:09","modified_gmt":"2022-01-11T12:43:09","slug":"partners","status":"publish","type":"page","link":"https:\/\/virtual-teams.eu\/fr\/partners\/","title":{"rendered":"Partenaires"},"content":{"rendered":"\t\t<div data-elementor-type=\"wp-page\" data-elementor-id=\"1811\" class=\"elementor elementor-1811\">\n\t\t\t\t\t\t\t\t\t<section class=\"elementor-section elementor-top-section elementor-element elementor-element-2744036 elementor-section-boxed elementor-section-height-default elementor-section-height-default\" data-id=\"2744036\" data-element_type=\"section\">\n\t\t\t\t\t\t<div class=\"elementor-container elementor-column-gap-default\">\n\t\t\t\t\t<div class=\"elementor-column elementor-col-100 elementor-top-column elementor-element elementor-element-f6eeba5\" data-id=\"f6eeba5\" data-element_type=\"column\">\n\t\t\t<div class=\"elementor-widget-wrap elementor-element-populated\">\n\t\t\t\t\t\t\t\t<div class=\"elementor-element elementor-element-29704c1 elementor-widget elementor-widget-breadcrumbs\" data-id=\"29704c1\" data-element_type=\"widget\" data-widget_type=\"breadcrumbs.default\">\n\t\t\t\t<div class=\"elementor-widget-container\">\n\t\t\t<p id=\"breadcrumbs\"><span><span><a href=\"https:\/\/virtual-teams.eu\/fr\/\">Home<\/a><\/span><\/span><\/p>\t\t<\/div>\n\t\t\t\t<\/div>\n\t\t\t\t<div class=\"elementor-element elementor-element-d02a284 elementor-widget elementor-widget-heading\" data-id=\"d02a284\" data-element_type=\"widget\" data-widget_type=\"heading.default\">\n\t\t\t\t<div class=\"elementor-widget-container\">\n\t\t\t<h1 class=\"elementor-heading-title elementor-size-default\">Partenaires<\/h1>\t\t<\/div>\n\t\t\t\t<\/div>\n\t\t\t\t<section class=\"elementor-section elementor-inner-section elementor-element elementor-element-5ac014d elementor-section-full_width elementor-section-content-middle elementor-section-height-default elementor-section-height-default\" data-id=\"5ac014d\" data-element_type=\"section\">\n\t\t\t\t\t\t<div class=\"elementor-container elementor-column-gap-default\">\n\t\t\t\t\t<div class=\"elementor-column elementor-col-33 elementor-inner-column elementor-element elementor-element-401b16f\" data-id=\"401b16f\" data-element_type=\"column\">\n\t\t\t<div class=\"elementor-widget-wrap elementor-element-populated\">\n\t\t\t\t\t\t\t\t<div class=\"elementor-element elementor-element-ce8cbf1 elementor-widget elementor-widget-image\" data-id=\"ce8cbf1\" data-element_type=\"widget\" data-widget_type=\"image.default\">\n\t\t\t\t<div class=\"elementor-widget-container\">\n\t\t\t\t\t\t\t\t\t\t\t\t\t\t\t<img loading=\"lazy\" decoding=\"async\" width=\"842\" height=\"352\" src=\"https:\/\/virtual-teams.eu\/wp-content\/uploads\/2021\/11\/ACCION-LABORAL.png\" class=\"attachment-large size-large wp-image-451\" alt=\"\" srcset=\"https:\/\/virtual-teams.eu\/wp-content\/uploads\/2021\/11\/ACCION-LABORAL.png 842w, https:\/\/virtual-teams.eu\/wp-content\/uploads\/2021\/11\/ACCION-LABORAL-300x125.png 300w, https:\/\/virtual-teams.eu\/wp-content\/uploads\/2021\/11\/ACCION-LABORAL-768x321.png 768w\" sizes=\"auto, (max-width: 842px) 100vw, 842px\" \/>\t\t\t\t\t\t\t\t\t\t\t\t\t\t\t<\/div>\n\t\t\t\t<\/div>\n\t\t\t\t\t<\/div>\n\t\t<\/div>\n\t\t\t\t<div class=\"elementor-column elementor-col-66 elementor-inner-column elementor-element elementor-element-b573975\" data-id=\"b573975\" data-element_type=\"column\">\n\t\t\t<div class=\"elementor-widget-wrap elementor-element-populated\">\n\t\t\t\t\t\t\t\t<div class=\"elementor-element elementor-element-f1719e0 elementor-widget elementor-widget-text-editor\" data-id=\"f1719e0\" data-element_type=\"widget\" data-widget_type=\"text-editor.default\">\n\t\t\t\t<div class=\"elementor-widget-container\">\n\t\t\t\t\t\t\t<p><span style=\"font-weight: 400;\"><strong>ACCI\u00d3N LABORAL<\/strong> est une organisation \u00e0 but non lucratif, pens\u00e9e comme un outil pour d\u00e9velopper des initiatives en coop\u00e9ration avec l&rsquo;administration publique et les entreprises priv\u00e9es afin d\u2019apporter une couverture dans le domaine de l&#8217;emploi et de la formation aux besoins des demandeurs d&#8217;emploi en risque d&rsquo;exclusion sociale. Son activit\u00e9 principale est l&rsquo;insertion professionnelle, l&rsquo;orientation et la formation des personnes en situation de ch\u00f4mage, en particulier celles d\u00e9finies comme prioritaires dans le Plan national d&rsquo;action pour l&#8217;emploi, \u00e0 savoir : les personnes handicap\u00e9es, les immigrants, les ch\u00f4meurs de longue dur\u00e9e, les jeunes peu qualifi\u00e9s, les femmes, etc.<\/span><\/p><p><span style=\"font-weight: 400;\">ACCI\u00d3N LABORAL a d\u00e9velopp\u00e9 une m\u00e9thode de travail qui permet \u00e0 l&rsquo;organisation de r\u00e9aliser des programmes n&rsquo;importe o\u00f9 et dans un temps clairement d\u00e9fini, en obtenant des r\u00e9sultats tr\u00e8s satisfaisants. L&rsquo;objectif social de notre organisation est d&rsquo;am\u00e9liorer la qualit\u00e9 de vie, en soulignant ses efforts pour am\u00e9liorer l&#8217;employabilit\u00e9 et les comp\u00e9tences.<\/span><\/p>\t\t\t\t\t\t<\/div>\n\t\t\t\t<\/div>\n\t\t\t\t<div class=\"elementor-element elementor-element-4933c67 elementor-widget elementor-widget-button\" data-id=\"4933c67\" data-element_type=\"widget\" data-widget_type=\"button.default\">\n\t\t\t\t<div class=\"elementor-widget-container\">\n\t\t\t\t\t<div class=\"elementor-button-wrapper\">\n\t\t\t<a class=\"elementor-button elementor-button-link elementor-size-sm elementor-animation-buzz-out\" href=\"https:\/\/www.accionlaboral.com\/en\" target=\"_blank\">\n\t\t\t\t\t\t<span class=\"elementor-button-content-wrapper\">\n\t\t\t\t\t\t<span class=\"elementor-button-text\">SITE WEB<\/span>\n\t\t<\/span>\n\t\t\t\t\t<\/a>\n\t\t<\/div>\n\t\t\t\t<\/div>\n\t\t\t\t<\/div>\n\t\t\t\t\t<\/div>\n\t\t<\/div>\n\t\t\t\t\t\t\t<\/div>\n\t\t<\/section>\n\t\t\t\t<section class=\"elementor-section elementor-inner-section elementor-element elementor-element-6d5ff1e elementor-section-full_width elementor-section-content-middle elementor-section-height-default elementor-section-height-default\" data-id=\"6d5ff1e\" data-element_type=\"section\">\n\t\t\t\t\t\t<div class=\"elementor-container elementor-column-gap-default\">\n\t\t\t\t\t<div class=\"elementor-column elementor-col-33 elementor-inner-column elementor-element elementor-element-703830e\" data-id=\"703830e\" data-element_type=\"column\">\n\t\t\t<div class=\"elementor-widget-wrap elementor-element-populated\">\n\t\t\t\t\t\t\t\t<div class=\"elementor-element elementor-element-dace598 elementor-widget elementor-widget-image\" data-id=\"dace598\" data-element_type=\"widget\" data-widget_type=\"image.default\">\n\t\t\t\t<div class=\"elementor-widget-container\">\n\t\t\t\t\t\t\t\t\t\t\t\t\t\t\t<img loading=\"lazy\" decoding=\"async\" width=\"290\" height=\"215\" src=\"https:\/\/virtual-teams.eu\/wp-content\/uploads\/2021\/11\/Artboard-3-1.svg\" class=\"attachment-large size-large wp-image-452\" alt=\"\" \/>\t\t\t\t\t\t\t\t\t\t\t\t\t\t\t<\/div>\n\t\t\t\t<\/div>\n\t\t\t\t\t<\/div>\n\t\t<\/div>\n\t\t\t\t<div class=\"elementor-column elementor-col-66 elementor-inner-column elementor-element elementor-element-6a9dbf8\" data-id=\"6a9dbf8\" data-element_type=\"column\">\n\t\t\t<div class=\"elementor-widget-wrap elementor-element-populated\">\n\t\t\t\t\t\t\t\t<div class=\"elementor-element elementor-element-0d7b137 elementor-widget elementor-widget-text-editor\" data-id=\"0d7b137\" data-element_type=\"widget\" data-widget_type=\"text-editor.default\">\n\t\t\t\t<div class=\"elementor-widget-container\">\n\t\t\t\t\t\t\t<p><span style=\"font-weight: 400;\">La <\/span><b>CCIS <\/b><span style=\"font-weight: 400;\">est la plus grande organisation b\u00e9n\u00e9vole ind\u00e9pendante repr\u00e9sentant tous les secteurs d&rsquo;activit\u00e9 en Slov\u00e9nie. Elle regroupe 24 associations de branches et g\u00e8re un r\u00e9seau de 13 chambres r\u00e9gionales. La CCIS offre un large \u00e9ventail d&rsquo;expertise en mati\u00e8re de soutien aux entreprises, notamment par le biais de son d\u00e9partement juridique, de son unit\u00e9 TT et innovation, de son d\u00e9partement environnemental, de son centre d&rsquo;internationalisation et de son bureau EEN. La CCIS a le statut de Chambre de commerce repr\u00e9sentative et est donc le partenaire gouvernemental en mati\u00e8re de l\u00e9gislation et de politique, ainsi qu&rsquo;une organisation de partenaires sociaux. La CCIS fait partie d&rsquo;un vaste r\u00e9seau international, notamment par son adh\u00e9sion \u00e0 diverses organisations, et participe \u00e9galement \u00e0 de nombreux projets nationaux et transnationaux li\u00e9s \u00e0 la recherche et au d\u00e9veloppement, aux affaires et \u00e0 l&rsquo;esprit d&rsquo;entreprise, \u00e0 l&rsquo;internationalisation, aux questions sociales, ainsi qu&rsquo;\u00e0 la formation et \u00e0 l&rsquo;\u00e9ducation.<\/span><\/p>\t\t\t\t\t\t<\/div>\n\t\t\t\t<\/div>\n\t\t\t\t<div class=\"elementor-element elementor-element-f5f5112 elementor-widget elementor-widget-button\" data-id=\"f5f5112\" data-element_type=\"widget\" data-widget_type=\"button.default\">\n\t\t\t\t<div class=\"elementor-widget-container\">\n\t\t\t\t\t<div class=\"elementor-button-wrapper\">\n\t\t\t<a class=\"elementor-button elementor-button-link elementor-size-sm elementor-animation-buzz-out\" href=\"https:\/\/eng.gzs.si\/\" target=\"_blank\">\n\t\t\t\t\t\t<span class=\"elementor-button-content-wrapper\">\n\t\t\t\t\t\t<span class=\"elementor-button-text\">SITE WEB<\/span>\n\t\t<\/span>\n\t\t\t\t\t<\/a>\n\t\t<\/div>\n\t\t\t\t<\/div>\n\t\t\t\t<\/div>\n\t\t\t\t\t<\/div>\n\t\t<\/div>\n\t\t\t\t\t\t\t<\/div>\n\t\t<\/section>\n\t\t\t\t<section class=\"elementor-section elementor-inner-section elementor-element elementor-element-3193841 elementor-section-full_width elementor-section-content-middle elementor-section-height-default elementor-section-height-default\" data-id=\"3193841\" data-element_type=\"section\">\n\t\t\t\t\t\t<div class=\"elementor-container elementor-column-gap-default\">\n\t\t\t\t\t<div class=\"elementor-column elementor-col-33 elementor-inner-column elementor-element elementor-element-8129e78\" data-id=\"8129e78\" data-element_type=\"column\">\n\t\t\t<div class=\"elementor-widget-wrap elementor-element-populated\">\n\t\t\t\t\t\t\t\t<div class=\"elementor-element elementor-element-4e6de1f elementor-widget elementor-widget-image\" data-id=\"4e6de1f\" data-element_type=\"widget\" data-widget_type=\"image.default\">\n\t\t\t\t<div class=\"elementor-widget-container\">\n\t\t\t\t\t\t\t\t\t\t\t\t\t\t\t<img loading=\"lazy\" decoding=\"async\" width=\"596\" height=\"420\" src=\"https:\/\/virtual-teams.eu\/wp-content\/uploads\/2021\/11\/fipl-logo.jpg\" class=\"attachment-large size-large wp-image-454\" alt=\"\" srcset=\"https:\/\/virtual-teams.eu\/wp-content\/uploads\/2021\/11\/fipl-logo.jpg 596w, https:\/\/virtual-teams.eu\/wp-content\/uploads\/2021\/11\/fipl-logo-300x211.jpg 300w\" sizes=\"auto, (max-width: 596px) 100vw, 596px\" \/>\t\t\t\t\t\t\t\t\t\t\t\t\t\t\t<\/div>\n\t\t\t\t<\/div>\n\t\t\t\t\t<\/div>\n\t\t<\/div>\n\t\t\t\t<div class=\"elementor-column elementor-col-66 elementor-inner-column elementor-element elementor-element-ee5af04\" data-id=\"ee5af04\" data-element_type=\"column\">\n\t\t\t<div class=\"elementor-widget-wrap elementor-element-populated\">\n\t\t\t\t\t\t\t\t<div class=\"elementor-element elementor-element-553d33e elementor-widget elementor-widget-text-editor\" data-id=\"553d33e\" data-element_type=\"widget\" data-widget_type=\"text-editor.default\">\n\t\t\t\t<div class=\"elementor-widget-container\">\n\t\t\t\t\t\t\t<p><strong>Future In Perspective Ltd.<\/strong> is a private company based in the border region of Ireland specialising in the areas of education and e-learning, media production, strategic planning and business development and evaluation.\u00a0 Through our work on national and EU funded projects, we have engaged and supported local youth groups, migrant communities, older persons, and individuals who have been absent from education to re-engage with service providers and mainstream education and training offerings.\u00a0 We also have expertise in supporting businesses in niche markets such as the creative, cultural and green sectors to develop sustainable business models.\u00a0 In addition, we have collaborated with young people and adults to deliver a range of diverse programmes in the areas of media production and career management \u2013 supporting the next generation of creative individuals to build and sustain successful careers in the sector.\u00a0<\/p>\t\t\t\t\t\t<\/div>\n\t\t\t\t<\/div>\n\t\t\t\t<div class=\"elementor-element elementor-element-af7ad82 elementor-widget elementor-widget-button\" data-id=\"af7ad82\" data-element_type=\"widget\" data-widget_type=\"button.default\">\n\t\t\t\t<div class=\"elementor-widget-container\">\n\t\t\t\t\t<div class=\"elementor-button-wrapper\">\n\t\t\t<a class=\"elementor-button elementor-button-link elementor-size-sm elementor-animation-buzz-out\" href=\"http:\/\/www.futureinperspective.com\" target=\"_blank\">\n\t\t\t\t\t\t<span class=\"elementor-button-content-wrapper\">\n\t\t\t\t\t\t<span class=\"elementor-button-text\">SITE WEB<\/span>\n\t\t<\/span>\n\t\t\t\t\t<\/a>\n\t\t<\/div>\n\t\t\t\t<\/div>\n\t\t\t\t<\/div>\n\t\t\t\t\t<\/div>\n\t\t<\/div>\n\t\t\t\t\t\t\t<\/div>\n\t\t<\/section>\n\t\t\t\t<section class=\"elementor-section elementor-inner-section elementor-element elementor-element-8b75c6a elementor-section-full_width elementor-section-content-middle elementor-section-height-default elementor-section-height-default\" data-id=\"8b75c6a\" data-element_type=\"section\">\n\t\t\t\t\t\t<div class=\"elementor-container elementor-column-gap-default\">\n\t\t\t\t\t<div class=\"elementor-column elementor-col-33 elementor-inner-column elementor-element elementor-element-1492c1d\" data-id=\"1492c1d\" data-element_type=\"column\">\n\t\t\t<div class=\"elementor-widget-wrap elementor-element-populated\">\n\t\t\t\t\t\t\t\t<div class=\"elementor-element elementor-element-0cc7bb2 elementor-widget elementor-widget-image\" data-id=\"0cc7bb2\" data-element_type=\"widget\" data-widget_type=\"image.default\">\n\t\t\t\t<div class=\"elementor-widget-container\">\n\t\t\t\t\t\t\t\t\t\t\t\t\t\t\t<img loading=\"lazy\" decoding=\"async\" width=\"1024\" height=\"347\" src=\"https:\/\/virtual-teams.eu\/wp-content\/uploads\/2021\/11\/cardet_logo_new-03-1024x347.png\" class=\"attachment-large size-large wp-image-463\" alt=\"\" srcset=\"https:\/\/virtual-teams.eu\/wp-content\/uploads\/2021\/11\/cardet_logo_new-03-1024x347.png 1024w, https:\/\/virtual-teams.eu\/wp-content\/uploads\/2021\/11\/cardet_logo_new-03-300x102.png 300w, https:\/\/virtual-teams.eu\/wp-content\/uploads\/2021\/11\/cardet_logo_new-03-768x260.png 768w, https:\/\/virtual-teams.eu\/wp-content\/uploads\/2021\/11\/cardet_logo_new-03-1536x520.png 1536w, https:\/\/virtual-teams.eu\/wp-content\/uploads\/2021\/11\/cardet_logo_new-03.png 1982w\" sizes=\"auto, (max-width: 1024px) 100vw, 1024px\" \/>\t\t\t\t\t\t\t\t\t\t\t\t\t\t\t<\/div>\n\t\t\t\t<\/div>\n\t\t\t\t\t<\/div>\n\t\t<\/div>\n\t\t\t\t<div class=\"elementor-column elementor-col-66 elementor-inner-column elementor-element elementor-element-eca637e\" data-id=\"eca637e\" data-element_type=\"column\">\n\t\t\t<div class=\"elementor-widget-wrap elementor-element-populated\">\n\t\t\t\t\t\t\t\t<div class=\"elementor-element elementor-element-3e90b9b elementor-widget elementor-widget-text-editor\" data-id=\"3e90b9b\" data-element_type=\"widget\" data-widget_type=\"text-editor.default\">\n\t\t\t\t<div class=\"elementor-widget-container\">\n\t\t\t\t\t\t\t<div class=\"elementor-element elementor-element-8251b96 elementor-position-left elementor-vertical-align-top elementor-widget elementor-widget-image-box\" data-id=\"8251b96\" data-element_type=\"widget\" data-settings=\"{\" data-widget_type=\"image-box.default\"><div class=\"elementor-widget-container\"><div class=\"elementor-image-box-wrapper\"><div class=\"elementor-image-box-content\"><p><b>CARDET <\/b><span style=\"font-weight: 400;\">(Centre for Advancement of Research and Development in Educational Technology) est une organisation de recherche et de d\u00e9veloppement ind\u00e9pendante, non gouvernementale et \u00e0 but non lucratif, bas\u00e9e \u00e0 Chypre. C&rsquo;est l&rsquo;un des principaux centres de recherche et de d\u00e9veloppement de la r\u00e9gion euro- m\u00e9diterran\u00e9enne, avec une expertise globale dans la conception et la mise en \u0153uvre de projets, le renforcement des capacit\u00e9s et l&rsquo;apprentissage en ligne.<\/span><\/p><p><span style=\"font-weight: 400;\">CARDET est affili\u00e9 de mani\u00e8re ind\u00e9pendante \u00e0 des universit\u00e9s et institutions du monde entier, telles que l&rsquo;Universit\u00e9 de Yale, l&rsquo;Universit\u00e9 de Nicosie et le Conseil international des m\u00e9dias \u00e9ducatifs. CARDET a r\u00e9alis\u00e9 de nombreux projets relatifs au d\u00e9veloppement du renforcement des capacit\u00e9s et \u00e0 la planification dans l&rsquo;\u00e9ducation et la FEP, au soutien des jeunes, \u00e0 l&rsquo;apprentissage des adultes, \u00e0 la litt\u00e9ratie, aux outils num\u00e9riques, \u00e0 l&rsquo;apprentissage en ligne, \u00e0 la technologie \u00e9ducative et \u00e0 l&rsquo;int\u00e9gration sociale des groupes marginalis\u00e9s et des personnes \u00e2g\u00e9es.<\/span><\/p><\/div><\/div><\/div><\/div>\t\t\t\t\t\t<\/div>\n\t\t\t\t<\/div>\n\t\t\t\t<div class=\"elementor-element elementor-element-d0f6640 elementor-widget elementor-widget-button\" data-id=\"d0f6640\" data-element_type=\"widget\" data-widget_type=\"button.default\">\n\t\t\t\t<div class=\"elementor-widget-container\">\n\t\t\t\t\t<div class=\"elementor-button-wrapper\">\n\t\t\t<a class=\"elementor-button elementor-button-link elementor-size-sm elementor-animation-buzz-out\" href=\"https:\/\/www.cardet.org\/\" target=\"_blank\">\n\t\t\t\t\t\t<span class=\"elementor-button-content-wrapper\">\n\t\t\t\t\t\t<span class=\"elementor-button-text\">SITE WEB<\/span>\n\t\t<\/span>\n\t\t\t\t\t<\/a>\n\t\t<\/div>\n\t\t\t\t<\/div>\n\t\t\t\t<\/div>\n\t\t\t\t\t<\/div>\n\t\t<\/div>\n\t\t\t\t\t\t\t<\/div>\n\t\t<\/section>\n\t\t\t\t<section class=\"elementor-section elementor-inner-section elementor-element elementor-element-5c0e17b elementor-section-full_width elementor-section-content-middle elementor-section-height-default elementor-section-height-default\" data-id=\"5c0e17b\" data-element_type=\"section\">\n\t\t\t\t\t\t<div class=\"elementor-container elementor-column-gap-default\">\n\t\t\t\t\t<div class=\"elementor-column elementor-col-33 elementor-inner-column elementor-element elementor-element-92bdd01\" data-id=\"92bdd01\" data-element_type=\"column\">\n\t\t\t<div class=\"elementor-widget-wrap elementor-element-populated\">\n\t\t\t\t\t\t\t\t<div class=\"elementor-element elementor-element-eba82e4 elementor-widget elementor-widget-image\" data-id=\"eba82e4\" data-element_type=\"widget\" data-widget_type=\"image.default\">\n\t\t\t\t<div class=\"elementor-widget-container\">\n\t\t\t\t\t\t\t\t\t\t\t\t\t\t\t<img loading=\"lazy\" decoding=\"async\" width=\"1024\" height=\"619\" src=\"https:\/\/virtual-teams.eu\/wp-content\/uploads\/2021\/11\/400dpiLogo-Innovation-Frontiers-JPG-1024x619.jpg\" class=\"attachment-large size-large wp-image-455\" alt=\"\" srcset=\"https:\/\/virtual-teams.eu\/wp-content\/uploads\/2021\/11\/400dpiLogo-Innovation-Frontiers-JPG-1024x619.jpg 1024w, https:\/\/virtual-teams.eu\/wp-content\/uploads\/2021\/11\/400dpiLogo-Innovation-Frontiers-JPG-300x181.jpg 300w, https:\/\/virtual-teams.eu\/wp-content\/uploads\/2021\/11\/400dpiLogo-Innovation-Frontiers-JPG-768x464.jpg 768w, https:\/\/virtual-teams.eu\/wp-content\/uploads\/2021\/11\/400dpiLogo-Innovation-Frontiers-JPG-1536x928.jpg 1536w, https:\/\/virtual-teams.eu\/wp-content\/uploads\/2021\/11\/400dpiLogo-Innovation-Frontiers-JPG-2048x1237.jpg 2048w\" sizes=\"auto, (max-width: 1024px) 100vw, 1024px\" \/>\t\t\t\t\t\t\t\t\t\t\t\t\t\t\t<\/div>\n\t\t\t\t<\/div>\n\t\t\t\t\t<\/div>\n\t\t<\/div>\n\t\t\t\t<div class=\"elementor-column elementor-col-66 elementor-inner-column elementor-element elementor-element-27a148b\" data-id=\"27a148b\" data-element_type=\"column\">\n\t\t\t<div class=\"elementor-widget-wrap elementor-element-populated\">\n\t\t\t\t\t\t\t\t<div class=\"elementor-element elementor-element-1d5413a elementor-widget elementor-widget-text-editor\" data-id=\"1d5413a\" data-element_type=\"widget\" data-widget_type=\"text-editor.default\">\n\t\t\t\t<div class=\"elementor-widget-container\">\n\t\t\t\t\t\t\t<p><span style=\"font-weight: 400;\"><strong>Innovation Frontiers IKE<\/strong> est une soci\u00e9t\u00e9 de recherche et de technologie \u00e9ducative innovante sp\u00e9cialis\u00e9e dans la cr\u00e9ation d&rsquo;exp\u00e9riences d&rsquo;apprentissage \u00e9ducatives, attrayantes et divertissantes qui int\u00e8grent l&rsquo;innovation, la cr\u00e9ativit\u00e9 et la gamification pour am\u00e9liorer le flux des apprenants. Notre soci\u00e9t\u00e9 offre un large \u00e9ventail de solutions, notamment des formations en ligne interactives personnalis\u00e9es, des jeux s\u00e9rieux, des ressources \u00e9ducatives libres, des simulations de formation, des animations p\u00e9dagogiques et des formations mobiles. Nous combinons la conception de jeux, la technologie des jeux, la conception p\u00e9dagogique et la psychologie pour ma\u00eetriser l&rsquo;art de cr\u00e9er des jeux d&rsquo;apprentissage, des simulations et des formations. Tous les d\u00e9veloppements sont adapt\u00e9s pr\u00e9cis\u00e9ment aux besoins individuels de nos clients. En outre, l&rsquo;entreprise int\u00e8gre les implications des neurosciences \u00e9ducatives dans les salles de classe afin d&rsquo;am\u00e9liorer l&rsquo;efficacit\u00e9 de l&rsquo;apprentissage et de l&rsquo;enseignement. En outre, Innovation Frontiers IKE d\u00e9veloppe, met en \u0153uvre et coordonne des projets \u00e9ducatifs financ\u00e9s par l&rsquo;UE et portant sur la r\u00e9alit\u00e9 virtuelle et augment\u00e9e, la robotique, le tutorat scolaire en ligne, la production de ressources \u00e9ducatives num\u00e9riques, le d\u00e9veloppement de jeux \u00e9ducatifs multiplateformes, la gestion et l&rsquo;optimisation de plateformes \u00e9ducatives, l&rsquo;\u00e9ducation aux m\u00e9dias et l&rsquo;int\u00e9gration des TIC dans les salles de classe pour am\u00e9liorer le processus d&rsquo;apprentissage.<\/span><\/p>\t\t\t\t\t\t<\/div>\n\t\t\t\t<\/div>\n\t\t\t\t<div class=\"elementor-element elementor-element-f5fd859 elementor-widget elementor-widget-button\" data-id=\"f5fd859\" data-element_type=\"widget\" data-widget_type=\"button.default\">\n\t\t\t\t<div class=\"elementor-widget-container\">\n\t\t\t\t\t<div class=\"elementor-button-wrapper\">\n\t\t\t<a class=\"elementor-button elementor-button-link elementor-size-sm elementor-animation-buzz-out\" href=\"http:\/\/www.innovationfrontiers.gr\" target=\"_blank\">\n\t\t\t\t\t\t<span class=\"elementor-button-content-wrapper\">\n\t\t\t\t\t\t<span class=\"elementor-button-text\">SITE WEB<\/span>\n\t\t<\/span>\n\t\t\t\t\t<\/a>\n\t\t<\/div>\n\t\t\t\t<\/div>\n\t\t\t\t<\/div>\n\t\t\t\t\t<\/div>\n\t\t<\/div>\n\t\t\t\t\t\t\t<\/div>\n\t\t<\/section>\n\t\t\t\t<section class=\"elementor-section elementor-inner-section elementor-element elementor-element-f648142 elementor-section-full_width elementor-section-content-middle elementor-section-height-default elementor-section-height-default\" data-id=\"f648142\" data-element_type=\"section\">\n\t\t\t\t\t\t<div class=\"elementor-container elementor-column-gap-default\">\n\t\t\t\t\t<div class=\"elementor-column elementor-col-33 elementor-inner-column elementor-element elementor-element-c6bd239\" data-id=\"c6bd239\" data-element_type=\"column\">\n\t\t\t<div class=\"elementor-widget-wrap elementor-element-populated\">\n\t\t\t\t\t\t\t\t<div class=\"elementor-element elementor-element-2e14543 elementor-widget elementor-widget-image\" data-id=\"2e14543\" data-element_type=\"widget\" data-widget_type=\"image.default\">\n\t\t\t\t<div class=\"elementor-widget-container\">\n\t\t\t\t\t\t\t\t\t\t\t\t\t\t\t<img loading=\"lazy\" decoding=\"async\" width=\"297\" height=\"106\" src=\"https:\/\/virtual-teams.eu\/wp-content\/uploads\/2021\/11\/cropped-iodevelopment-logo-transparent.png\" class=\"attachment-large size-large wp-image-456\" alt=\"\" \/>\t\t\t\t\t\t\t\t\t\t\t\t\t\t\t<\/div>\n\t\t\t\t<\/div>\n\t\t\t\t\t<\/div>\n\t\t<\/div>\n\t\t\t\t<div class=\"elementor-column elementor-col-66 elementor-inner-column elementor-element elementor-element-22dc2b9\" data-id=\"22dc2b9\" data-element_type=\"column\">\n\t\t\t<div class=\"elementor-widget-wrap elementor-element-populated\">\n\t\t\t\t\t\t\t\t<div class=\"elementor-element elementor-element-35fd9e7 elementor-widget elementor-widget-text-editor\" data-id=\"35fd9e7\" data-element_type=\"widget\" data-widget_type=\"text-editor.default\">\n\t\t\t\t<div class=\"elementor-widget-container\">\n\t\t\t\t\t\t\t<p><span style=\"font-weight: 400;\"><strong>L&rsquo;Institut du d\u00e9veloppement<\/strong> a \u00e9t\u00e9 cr\u00e9\u00e9 en 2003. Il vise \u00e0 promouvoir une vision positive des exp\u00e9riences de vie et de travail, \u00e0 stimuler la cr\u00e9ativit\u00e9, la r\u00e9silience, le bien-\u00eatre, l&rsquo;engagement et la performance globale des individus et des organisations. Sa vision est de contribuer \u00e0 l&rsquo;am\u00e9lioration de la qualit\u00e9 de vie de la soci\u00e9t\u00e9 par le d\u00e9veloppement continu de l&rsquo;individu, de la famille, des ressources humaines des entreprises et des organisations \u00e9ducatives. Afin de concr\u00e9tiser sa vision, elle offre un large \u00e9ventail de services tels que la recherche, le conseil et les formations, ainsi que des services pour la gestion efficace des RH, allant de la planification strat\u00e9gique des RH \u00e0 l&rsquo;orientation professionnelle et au soutien g\u00e9n\u00e9ral. Elle a particip\u00e9 \u00e0 divers projets de l&rsquo;UE qui comprennent des applications de la psychologie positive, de l\u2019affirmation du caract\u00e8re, de la cr\u00e9ativit\u00e9, des arts et du d\u00e9veloppement des comp\u00e9tences pour l&#8217;emploi afin de soutenir diff\u00e9rents groupes cibles tels que les jeunes, les \u00e9l\u00e8ves du primaire et du secondaire, les parents, les enseignants, les ch\u00f4meurs et les travailleurs.<\/span><\/p>\t\t\t\t\t\t<\/div>\n\t\t\t\t<\/div>\n\t\t\t\t<div class=\"elementor-element elementor-element-449a9ca elementor-widget elementor-widget-button\" data-id=\"449a9ca\" data-element_type=\"widget\" data-widget_type=\"button.default\">\n\t\t\t\t<div class=\"elementor-widget-container\">\n\t\t\t\t\t<div class=\"elementor-button-wrapper\">\n\t\t\t<a class=\"elementor-button elementor-button-link elementor-size-sm elementor-animation-buzz-out\" href=\"https:\/\/iodevelopment.eu\/\" target=\"_blank\">\n\t\t\t\t\t\t<span class=\"elementor-button-content-wrapper\">\n\t\t\t\t\t\t<span class=\"elementor-button-text\">SITE WEB<\/span>\n\t\t<\/span>\n\t\t\t\t\t<\/a>\n\t\t<\/div>\n\t\t\t\t<\/div>\n\t\t\t\t<\/div>\n\t\t\t\t\t<\/div>\n\t\t<\/div>\n\t\t\t\t\t\t\t<\/div>\n\t\t<\/section>\n\t\t\t\t<section class=\"elementor-section elementor-inner-section elementor-element elementor-element-fdb21a4 elementor-section-full_width elementor-section-content-middle elementor-section-height-default elementor-section-height-default\" data-id=\"fdb21a4\" data-element_type=\"section\">\n\t\t\t\t\t\t<div class=\"elementor-container elementor-column-gap-default\">\n\t\t\t\t\t<div class=\"elementor-column elementor-col-33 elementor-inner-column elementor-element elementor-element-86689ae\" data-id=\"86689ae\" data-element_type=\"column\">\n\t\t\t<div class=\"elementor-widget-wrap elementor-element-populated\">\n\t\t\t\t\t\t\t\t<div class=\"elementor-element elementor-element-62719e3 elementor-widget elementor-widget-image\" data-id=\"62719e3\" data-element_type=\"widget\" data-widget_type=\"image.default\">\n\t\t\t\t<div class=\"elementor-widget-container\">\n\t\t\t\t\t\t\t\t\t\t\t\t\t\t\t<img loading=\"lazy\" decoding=\"async\" width=\"1024\" height=\"303\" src=\"https:\/\/virtual-teams.eu\/wp-content\/uploads\/2021\/11\/SC_Logo-1024x303.jpg\" class=\"attachment-large size-large wp-image-462\" alt=\"\" srcset=\"https:\/\/virtual-teams.eu\/wp-content\/uploads\/2021\/11\/SC_Logo-1024x303.jpg 1024w, https:\/\/virtual-teams.eu\/wp-content\/uploads\/2021\/11\/SC_Logo-300x89.jpg 300w, https:\/\/virtual-teams.eu\/wp-content\/uploads\/2021\/11\/SC_Logo-768x228.jpg 768w, https:\/\/virtual-teams.eu\/wp-content\/uploads\/2021\/11\/SC_Logo-1536x455.jpg 1536w, https:\/\/virtual-teams.eu\/wp-content\/uploads\/2021\/11\/SC_Logo-2048x607.jpg 2048w\" sizes=\"auto, (max-width: 1024px) 100vw, 1024px\" \/>\t\t\t\t\t\t\t\t\t\t\t\t\t\t\t<\/div>\n\t\t\t\t<\/div>\n\t\t\t\t\t<\/div>\n\t\t<\/div>\n\t\t\t\t<div class=\"elementor-column elementor-col-66 elementor-inner-column elementor-element elementor-element-1559a3e\" data-id=\"1559a3e\" data-element_type=\"column\">\n\t\t\t<div class=\"elementor-widget-wrap elementor-element-populated\">\n\t\t\t\t\t\t\t\t<div class=\"elementor-element elementor-element-47d2d46 elementor-widget elementor-widget-text-editor\" data-id=\"47d2d46\" data-element_type=\"widget\" data-widget_type=\"text-editor.default\">\n\t\t\t\t<div class=\"elementor-widget-container\">\n\t\t\t\t\t\t\t<p><span style=\"font-weight: 400;\"><strong>Sud Concept<\/strong> est une coop\u00e9rative faisant office de bureau de conseil et d&rsquo;organisme de formation implant\u00e9e en Corse, avec des antennes dans les r\u00e9gions PACA, Ile de France, Haute de France, mais aussi dans les d\u00e9partements d&rsquo;outre-mer (Guadeloupe, Guyane, Martinique) et dans la r\u00e9gion Toscane (Italie).<\/span><\/p><p><span style=\"font-weight: 400;\">A travers ses d\u00e9partements (Coop\u00e9ration internationale, Orientation \/ Bilan \/<\/span><\/p><p><span style=\"font-weight: 400;\">Int\u00e9gration, D\u00e9veloppement durable, Entreprises et Environnement), Sud Concept favorise le d\u00e9veloppement de l&#8217;emploi et la qualification des salari\u00e9s et des adultes en g\u00e9n\u00e9ral afin d&rsquo;anticiper et d&rsquo;accompagner les mutations \u00e9conomiques, sociales et d\u00e9mographiques.<\/span><\/p><p><span style=\"font-weight: 400;\">Sud Concept travaille en \u00e9troite collaboration avec les services de l&rsquo;Etat, le Conseil g\u00e9n\u00e9ral, les socioprofessionnels et les associations et ses actions accompagnent les territoires tout au long de leur parcours vers une croissance intelligente.<\/span><\/p><p><span style=\"font-weight: 400;\">Il met en \u0153uvre plusieurs actions de soutien aux PME pour stimuler leur cr\u00e9ativit\u00e9 dans les produits et services qu&rsquo;elles fournissent.<\/span><\/p><p><span style=\"font-weight: 400;\">Sud Concept collabore avec des groupes de professionnels de toute l&rsquo;Europe en tirant parti des \u00e9quipes virtuelles pour surmonter les s\u00e9parations g\u00e9ographiques <\/span><span style=\"font-weight: 400;\">ou temporelles.<\/span><\/p>\t\t\t\t\t\t<\/div>\n\t\t\t\t<\/div>\n\t\t\t\t<div class=\"elementor-element elementor-element-1dd2f69 elementor-widget elementor-widget-button\" data-id=\"1dd2f69\" data-element_type=\"widget\" data-widget_type=\"button.default\">\n\t\t\t\t<div class=\"elementor-widget-container\">\n\t\t\t\t\t<div class=\"elementor-button-wrapper\">\n\t\t\t<a class=\"elementor-button elementor-button-link elementor-size-sm elementor-animation-buzz-out\" href=\"http:\/\/sudconcept.eu\/\" target=\"_blank\">\n\t\t\t\t\t\t<span class=\"elementor-button-content-wrapper\">\n\t\t\t\t\t\t<span class=\"elementor-button-text\">SITE WEB<\/span>\n\t\t<\/span>\n\t\t\t\t\t<\/a>\n\t\t<\/div>\n\t\t\t\t<\/div>\n\t\t\t\t<\/div>\n\t\t\t\t\t<\/div>\n\t\t<\/div>\n\t\t\t\t\t\t\t<\/div>\n\t\t<\/section>\n\t\t\t\t\t<\/div>\n\t\t<\/div>\n\t\t\t\t\t\t\t<\/div>\n\t\t<\/section>\n\t\t\t\t\t\t\t<\/div>\n\t\t","protected":false},"excerpt":{"rendered":"<p class=\"excerpt\">Partenaires ACCI\u00d3N LABORAL est une organisation \u00e0 but non lucratif, pens\u00e9e comme un outil pour d\u00e9velopper des initiatives en coop\u00e9ration avec l&rsquo;administration publique et les entreprises priv\u00e9es afin d\u2019apporter une couverture dans le domaine de l&#8217;emploi et de la formation aux besoins des demandeurs d&#8217;emploi en risque d&rsquo;exclusion sociale. Son activit\u00e9 principale est l&rsquo;insertion professionnelle, [&hellip;]<\/p>\n","protected":false},"author":1,"featured_media":0,"parent":0,"menu_order":0,"comment_status":"closed","ping_status":"closed","template":"template-blank.php","meta":{"footnotes":""},"class_list":["post-1811","page","type-page","status-publish","hentry"],"yoast_head":"<!-- This site is optimized with the Yoast SEO plugin v22.0 - https:\/\/yoast.com\/wordpress\/plugins\/seo\/ -->\n<title>Partenaires - Virtual Teams<\/title>\n<meta name=\"robots\" content=\"index, follow, max-snippet:-1, max-image-preview:large, max-video-preview:-1\" \/>\n<link rel=\"canonical\" href=\"https:\/\/virtual-teams.eu\/fr\/partners\/\" \/>\n<meta property=\"og:locale\" content=\"fr_FR\" \/>\n<meta property=\"og:type\" content=\"article\" \/>\n<meta property=\"og:title\" content=\"Partenaires - Virtual Teams\" \/>\n<meta property=\"og:description\" content=\"Partenaires ACCI\u00d3N LABORAL est une organisation \u00e0 but non lucratif, pens\u00e9e comme un outil pour d\u00e9velopper des initiatives en coop\u00e9ration avec l&rsquo;administration publique et les entreprises priv\u00e9es afin d\u2019apporter une couverture dans le domaine de l&#8217;emploi et de la formation aux besoins des demandeurs d&#8217;emploi en risque d&rsquo;exclusion sociale. Son activit\u00e9 principale est l&rsquo;insertion professionnelle, [&hellip;]\" \/>\n<meta property=\"og:url\" content=\"https:\/\/virtual-teams.eu\/fr\/partners\/\" \/>\n<meta property=\"og:site_name\" content=\"Virtual Teams\" \/>\n<meta property=\"article:modified_time\" content=\"2022-01-11T12:43:09+00:00\" \/>\n<meta property=\"og:image\" content=\"https:\/\/virtual-teams.eu\/wp-content\/uploads\/2021\/11\/ACCION-LABORAL.png\" \/>\n<meta name=\"twitter:card\" content=\"summary_large_image\" \/>\n<meta name=\"twitter:label1\" content=\"Dur\u00e9e de lecture estim\u00e9e\" \/>\n\t<meta name=\"twitter:data1\" content=\"8 minutes\" \/>\n<script type=\"application\/ld+json\" class=\"yoast-schema-graph\">{\"@context\":\"https:\/\/schema.org\",\"@graph\":[{\"@type\":\"WebPage\",\"@id\":\"https:\/\/virtual-teams.eu\/fr\/partners\/\",\"url\":\"https:\/\/virtual-teams.eu\/fr\/partners\/\",\"name\":\"Partenaires - Virtual Teams\",\"isPartOf\":{\"@id\":\"https:\/\/virtual-teams.eu\/fr\/#website\"},\"datePublished\":\"2021-11-03T08:26:18+00:00\",\"dateModified\":\"2022-01-11T12:43:09+00:00\",\"breadcrumb\":{\"@id\":\"https:\/\/virtual-teams.eu\/fr\/partners\/#breadcrumb\"},\"inLanguage\":\"fr-FR\",\"potentialAction\":[{\"@type\":\"ReadAction\",\"target\":[\"https:\/\/virtual-teams.eu\/fr\/partners\/\"]}]},{\"@type\":\"BreadcrumbList\",\"@id\":\"https:\/\/virtual-teams.eu\/fr\/partners\/#breadcrumb\",\"itemListElement\":[{\"@type\":\"ListItem\",\"position\":1,\"name\":\"Home\",\"item\":\"https:\/\/virtual-teams.eu\/fr\/\"},{\"@type\":\"ListItem\",\"position\":2,\"name\":\"Partenaires\"}]},{\"@type\":\"WebSite\",\"@id\":\"https:\/\/virtual-teams.eu\/fr\/#website\",\"url\":\"https:\/\/virtual-teams.eu\/fr\/\",\"name\":\"Virtual Teams\",\"description\":\"\",\"publisher\":{\"@id\":\"https:\/\/virtual-teams.eu\/fr\/#organization\"},\"potentialAction\":[{\"@type\":\"SearchAction\",\"target\":{\"@type\":\"EntryPoint\",\"urlTemplate\":\"https:\/\/virtual-teams.eu\/fr\/?s={search_term_string}\"},\"query-input\":\"required name=search_term_string\"}],\"inLanguage\":\"fr-FR\"},{\"@type\":\"Organization\",\"@id\":\"https:\/\/virtual-teams.eu\/fr\/#organization\",\"name\":\"Virtual Teams\",\"url\":\"https:\/\/virtual-teams.eu\/fr\/\",\"logo\":{\"@type\":\"ImageObject\",\"inLanguage\":\"fr-FR\",\"@id\":\"https:\/\/virtual-teams.eu\/fr\/#\/schema\/logo\/image\/\",\"url\":\"https:\/\/virtual-teams.eu\/wp-content\/uploads\/2021\/11\/cropped-Asset-1.png\",\"contentUrl\":\"https:\/\/virtual-teams.eu\/wp-content\/uploads\/2021\/11\/cropped-Asset-1.png\",\"width\":129,\"height\":91,\"caption\":\"Virtual Teams\"},\"image\":{\"@id\":\"https:\/\/virtual-teams.eu\/fr\/#\/schema\/logo\/image\/\"}}]}<\/script>\n<!-- \/ Yoast SEO plugin. -->","yoast_head_json":{"title":"Partenaires - Virtual Teams","robots":{"index":"index","follow":"follow","max-snippet":"max-snippet:-1","max-image-preview":"max-image-preview:large","max-video-preview":"max-video-preview:-1"},"canonical":"https:\/\/virtual-teams.eu\/fr\/partners\/","og_locale":"fr_FR","og_type":"article","og_title":"Partenaires - Virtual Teams","og_description":"Partenaires ACCI\u00d3N LABORAL est une organisation \u00e0 but non lucratif, pens\u00e9e comme un outil pour d\u00e9velopper des initiatives en coop\u00e9ration avec l&rsquo;administration publique et les entreprises priv\u00e9es afin d\u2019apporter une couverture dans le domaine de l&#8217;emploi et de la formation aux besoins des demandeurs d&#8217;emploi en risque d&rsquo;exclusion sociale. Son activit\u00e9 principale est l&rsquo;insertion professionnelle, [&hellip;]","og_url":"https:\/\/virtual-teams.eu\/fr\/partners\/","og_site_name":"Virtual Teams","article_modified_time":"2022-01-11T12:43:09+00:00","og_image":[{"url":"https:\/\/virtual-teams.eu\/wp-content\/uploads\/2021\/11\/ACCION-LABORAL.png"}],"twitter_card":"summary_large_image","twitter_misc":{"Dur\u00e9e de lecture estim\u00e9e":"8 minutes"},"schema":{"@context":"https:\/\/schema.org","@graph":[{"@type":"WebPage","@id":"https:\/\/virtual-teams.eu\/fr\/partners\/","url":"https:\/\/virtual-teams.eu\/fr\/partners\/","name":"Partenaires - Virtual Teams","isPartOf":{"@id":"https:\/\/virtual-teams.eu\/fr\/#website"},"datePublished":"2021-11-03T08:26:18+00:00","dateModified":"2022-01-11T12:43:09+00:00","breadcrumb":{"@id":"https:\/\/virtual-teams.eu\/fr\/partners\/#breadcrumb"},"inLanguage":"fr-FR","potentialAction":[{"@type":"ReadAction","target":["https:\/\/virtual-teams.eu\/fr\/partners\/"]}]},{"@type":"BreadcrumbList","@id":"https:\/\/virtual-teams.eu\/fr\/partners\/#breadcrumb","itemListElement":[{"@type":"ListItem","position":1,"name":"Home","item":"https:\/\/virtual-teams.eu\/fr\/"},{"@type":"ListItem","position":2,"name":"Partenaires"}]},{"@type":"WebSite","@id":"https:\/\/virtual-teams.eu\/fr\/#website","url":"https:\/\/virtual-teams.eu\/fr\/","name":"Virtual Teams","description":"","publisher":{"@id":"https:\/\/virtual-teams.eu\/fr\/#organization"},"potentialAction":[{"@type":"SearchAction","target":{"@type":"EntryPoint","urlTemplate":"https:\/\/virtual-teams.eu\/fr\/?s={search_term_string}"},"query-input":"required name=search_term_string"}],"inLanguage":"fr-FR"},{"@type":"Organization","@id":"https:\/\/virtual-teams.eu\/fr\/#organization","name":"Virtual Teams","url":"https:\/\/virtual-teams.eu\/fr\/","logo":{"@type":"ImageObject","inLanguage":"fr-FR","@id":"https:\/\/virtual-teams.eu\/fr\/#\/schema\/logo\/image\/","url":"https:\/\/virtual-teams.eu\/wp-content\/uploads\/2021\/11\/cropped-Asset-1.png","contentUrl":"https:\/\/virtual-teams.eu\/wp-content\/uploads\/2021\/11\/cropped-Asset-1.png","width":129,"height":91,"caption":"Virtual Teams"},"image":{"@id":"https:\/\/virtual-teams.eu\/fr\/#\/schema\/logo\/image\/"}}]}},"_links":{"self":[{"href":"https:\/\/virtual-teams.eu\/fr\/wp-json\/wp\/v2\/pages\/1811","targetHints":{"allow":["GET"]}}],"collection":[{"href":"https:\/\/virtual-teams.eu\/fr\/wp-json\/wp\/v2\/pages"}],"about":[{"href":"https:\/\/virtual-teams.eu\/fr\/wp-json\/wp\/v2\/types\/page"}],"author":[{"embeddable":true,"href":"https:\/\/virtual-teams.eu\/fr\/wp-json\/wp\/v2\/users\/1"}],"replies":[{"embeddable":true,"href":"https:\/\/virtual-teams.eu\/fr\/wp-json\/wp\/v2\/comments?post=1811"}],"version-history":[{"count":6,"href":"https:\/\/virtual-teams.eu\/fr\/wp-json\/wp\/v2\/pages\/1811\/revisions"}],"predecessor-version":[{"id":1968,"href":"https:\/\/virtual-teams.eu\/fr\/wp-json\/wp\/v2\/pages\/1811\/revisions\/1968"}],"wp:attachment":[{"href":"https:\/\/virtual-teams.eu\/fr\/wp-json\/wp\/v2\/media?parent=1811"}],"curies":[{"name":"wp","href":"https:\/\/api.w.org\/{rel}","templated":true}]}}